{"id":23298,"date":"2021-03-07T19:22:23","date_gmt":"2021-03-07T18:22:23","guid":{"rendered":"https:\/\/ortodegliulivi.it\/prodotto\/bio-toskanisches-oel-bag-in-box-5-liter\/"},"modified":"2024-03-05T12:25:13","modified_gmt":"2024-03-05T11:25:13","slug":"ol-bio-toskana-5l","status":"publish","type":"product","link":"https:\/\/ortodegliulivi.it\/de\/prodotto\/ol-bio-toskana-5l\/","title":{"rendered":"Italienisches Bio\u00f6l Bag in Box 5 Liter"},"content":{"rendered":"<p><strong>Unser<\/strong> umweltfreundliches <strong>Bio-Oliven\u00f6l extra vergine<\/strong>. Es wird aus italienischen Oliven gewonnen, die ausschlie\u00dflich aus<strong> kontrolliert biologischem Anbau<\/strong> stammen. Sie wurde geschaffen, um die Bed\u00fcrfnisse aller Liebhaber von zertifizierten Produkten zu erf\u00fcllen, die mit Respekt f\u00fcr unser Land hergestellt werden.<\/p>\n<p>Bio-Oliven\u00f6l ist hellgr\u00fcn mit goldenen Reflexen. Mit seinem weichen und delikaten Geschmack eignet er sich zum W\u00fcrzen delikater Gerichte. Aufgrund der hohen Qualit\u00e4t, mit der es hergestellt wird, und seiner zarten Noten ist das \u00d6l BIO Italiano besonders f\u00fcr die Ern\u00e4hrung von Kindern geeignet.<\/p>\n<p>KALTEXTRAKT<\/p>\n<h3><strong>Probieren Sie unser italienisches Bio-Oliven\u00f6l extra vergine!<\/strong><\/h3>\n<ul>\n<li>La Fett&#8217;unta<\/li>\n<li>Nudeln und Kichererbsen mit EVO-\u00d6l<\/li>\n<\/ul>\n\n\t\t<style type=\"text\/css\">\n\t\t\t#gallery-1 {\n\t\t\t\tmargin: auto;\n\t\t\t}\n\t\t\t#gallery-1 .gallery-item {\n\t\t\t\tfloat: left;\n\t\t\t\tmargin-top: 10px;\n\t\t\t\ttext-align: center;\n\t\t\t\twidth: 33%;\n\t\t\t}\n\t\t\t#gallery-1 img {\n\t\t\t\tborder: 2px solid #cfcfcf;\n\t\t\t}\n\t\t\t#gallery-1 .gallery-caption {\n\t\t\t\tmargin-left: 0;\n\t\t\t}\n\t\t\t\/* see gallery_shortcode() in wp-includes\/media.php *\/\n\t\t<\/style>\n\t\t<div id='gallery-1' class='gallery galleryid-23298 gallery-columns-3 gallery-size-thumbnail'><dl class='gallery-item'>\n\t\t\t<dt class='gallery-icon landscape'>\n\t\t\t\t<a href='https:\/\/ortodegliulivi.it\/de\/?attachment_id=21520'><img loading=\"lazy\" decoding=\"async\" width=\"150\" height=\"150\" src=\"https:\/\/b2955851.smushcdn.com\/2955851\/wp-content\/uploads\/2009\/07\/eb6c7c01c4e98e1f2578f9959463b973-150x150.jpg?lossy=1&strip=1&avif=1\" class=\"attachment-thumbnail size-thumbnail\" alt=\"Il nostro &#039;Olio Extra Vergine d&#039;oliva Bio nasce in questa Uliveta!\" aria-describedby=\"gallery-1-21520\" srcset=\"https:\/\/b2955851.smushcdn.com\/2955851\/wp-content\/uploads\/2009\/07\/eb6c7c01c4e98e1f2578f9959463b973-150x150.jpg?lossy=1&strip=1&avif=1 150w, https:\/\/b2955851.smushcdn.com\/2955851\/wp-content\/uploads\/2009\/07\/eb6c7c01c4e98e1f2578f9959463b973-300x300.jpg?lossy=1&strip=1&avif=1 300w, https:\/\/b2955851.smushcdn.com\/2955851\/wp-content\/uploads\/2009\/07\/eb6c7c01c4e98e1f2578f9959463b973-100x100.jpg?lossy=1&strip=1&avif=1 100w, https:\/\/b2955851.smushcdn.com\/2955851\/wp-content\/uploads\/2009\/07\/eb6c7c01c4e98e1f2578f9959463b973-300x300.jpg?size=30x30&lossy=1&strip=1&avif=1 30w\" sizes=\"(max-width: 150px) 100vw, 150px\" \/><\/a>\n\t\t\t<\/dt>\n\t\t\t\t<dd class='wp-caption-text gallery-caption' id='gallery-1-21520'>\n\t\t\t\tIl nostro Olio Bio nasce in questa Uliveta!\n\t\t\t\t<\/dd><\/dl><dl class='gallery-item'>\n\t\t\t<dt class='gallery-icon landscape'>\n\t\t\t\t<a href='https:\/\/ortodegliulivi.it\/de\/?attachment_id=21900'><img loading=\"lazy\" decoding=\"async\" width=\"150\" height=\"150\" src=\"https:\/\/b2955851.smushcdn.com\/2955851\/wp-content\/uploads\/2015\/05\/98786352ab62965a07c516ba5d449e8a-150x150.jpg?lossy=1&strip=1&avif=1\" class=\"attachment-thumbnail size-thumbnail\" alt=\"Gemma che contempla gli animali che vivono all&#039;Orto degli Ulivi\" aria-describedby=\"gallery-1-21900\" srcset=\"https:\/\/b2955851.smushcdn.com\/2955851\/wp-content\/uploads\/2015\/05\/98786352ab62965a07c516ba5d449e8a-150x150.jpg?lossy=1&strip=1&avif=1 150w, https:\/\/b2955851.smushcdn.com\/2955851\/wp-content\/uploads\/2015\/05\/98786352ab62965a07c516ba5d449e8a-300x300.jpg?lossy=1&strip=1&avif=1 300w, https:\/\/b2955851.smushcdn.com\/2955851\/wp-content\/uploads\/2015\/05\/98786352ab62965a07c516ba5d449e8a-100x100.jpg?lossy=1&strip=1&avif=1 100w, https:\/\/b2955851.smushcdn.com\/2955851\/wp-content\/uploads\/2015\/05\/98786352ab62965a07c516ba5d449e8a-300x300.jpg?size=30x30&lossy=1&strip=1&avif=1 30w\" sizes=\"(max-width: 150px) 100vw, 150px\" \/><\/a>\n\t\t\t<\/dt>\n\t\t\t\t<dd class='wp-caption-text gallery-caption' id='gallery-1-21900'>\n\t\t\t\tContadini e Ulivete, nasce cos\u00ec il nostro Bio.\n\t\t\t\t<\/dd><\/dl><dl class='gallery-item'>\n\t\t\t<dt class='gallery-icon landscape'>\n\t\t\t\t<a href='https:\/\/ortodegliulivi.it\/de\/?attachment_id=21922'><img loading=\"lazy\" decoding=\"async\" width=\"150\" height=\"150\" src=\"https:\/\/b2955851.smushcdn.com\/2955851\/wp-content\/uploads\/2016\/08\/d382bd8ae87d9139df6458192532657c-150x150.jpg?lossy=1&strip=1&avif=1\" class=\"attachment-thumbnail size-thumbnail\" alt=\"F\u00fcnf Schafe, darunter ein wei\u00dfes Lamm, grasen auf gr\u00fcnem Gras in der N\u00e4he eines alten, verdrehten Baumes auf einem Feld mit mehreren Olivenb\u00e4umen im Hintergrund.\" aria-describedby=\"gallery-1-21922\" srcset=\"https:\/\/b2955851.smushcdn.com\/2955851\/wp-content\/uploads\/2016\/08\/d382bd8ae87d9139df6458192532657c-150x150.jpg?lossy=1&strip=1&avif=1 150w, https:\/\/b2955851.smushcdn.com\/2955851\/wp-content\/uploads\/2016\/08\/d382bd8ae87d9139df6458192532657c-scaled-300x300.jpg?lossy=1&strip=1&avif=1 300w, https:\/\/b2955851.smushcdn.com\/2955851\/wp-content\/uploads\/2016\/08\/d382bd8ae87d9139df6458192532657c-scaled-100x100.jpg?lossy=1&strip=1&avif=1 100w, https:\/\/b2955851.smushcdn.com\/2955851\/wp-content\/uploads\/2016\/08\/d382bd8ae87d9139df6458192532657c-scaled-300x300.jpg?size=30x30&lossy=1&strip=1&avif=1 30w\" sizes=\"(max-width: 150px) 100vw, 150px\" \/><\/a>\n\t\t\t<\/dt>\n\t\t\t\t<dd class='wp-caption-text gallery-caption' id='gallery-1-21922'>\n\t\t\t\tSotto i nostri Olivi c&#8217;\u00e8 vita! Per questo il nostro EVO \u00e8 cos\u00ec buono!\n\t\t\t\t<\/dd><\/dl><br style=\"clear: both\" \/>\n\t\t<\/div>\n\n<div id=\"gtx-trans\" style=\"position: absolute; left: 1336px; top: 367.578px;\">\n<div class=\"gtx-trans-icon\"><\/div>\n<\/div>\n","protected":false},"excerpt":{"rendered":"<p>Genie\u00dfen Sie den Geschmack Italiens zu Hause mit dem italienischen Bio-Oliven\u00f6l von Orto degli Ulivi. Unser auf dem Bauernhof angebautes \u00d6l wird nach traditionellen, seit Generationen \u00fcberlieferten Methoden hergestellt, um den bestm\u00f6glichen Geschmack und gesundheitlichen Nutzen zu gew\u00e4hrleisten. Sie k\u00f6nnen sicher sein, dass unser Oliven\u00f6l durch unser Bag-in-Box-System vor Licht und Sauerstoff gesch\u00fctzt ist und Ihnen so das reinste Geschmackserlebnis bietet. Wenn Sie sich f\u00fcr uns entscheiden, erhalten Sie hohe Qualit\u00e4t und Komfort, ohne Kompromisse bei der Nachhaltigkeit einzugehen. Genie\u00dfen Sie italienische Aromen mit dem nativen Oliven\u00f6l extra von Orto degli Ulivi!<\/p>\n<p>Gewonnen aus zertifizierten Bio-Oliven aus unserem Betrieb (7 ha) in Italien, genauer gesagt in Massa e Cozzile (PT).<br \/>\nLeicht-mittlere Fruchtigkeit, Jahrgang 2022\/2023.<br \/>\nKALTEXTRAKT, gefiltert und vor Licht, Sauerstoff und W\u00e4rmequellen gesch\u00fctzt gelagert.<\/p>\n<p data-pm-slice=\"1 1 []\">\n","protected":false},"featured_media":21978,"comment_status":"open","ping_status":"closed","template":"","meta":{"_et_pb_use_builder":"","_et_pb_old_content":"","_et_gb_content_width":""},"product_brand":[],"product_cat":[488],"product_tag":[],"class_list":{"0":"post-23298","1":"product","2":"type-product","3":"status-publish","4":"has-post-thumbnail","6":"product_cat-organisches-evo-ol","8":"first","9":"instock","10":"sale","11":"shipping-taxable","12":"purchasable","13":"product-type-simple"},"ams_default_variation_id":0,"ams_product_points_reward":[],"ams_product_discount_percentage":35.71,"ams_price_to_display":90,"ams_acf":[],"_links":{"self":[{"href":"https:\/\/ortodegliulivi.it\/de\/wp-json\/wp\/v2\/product\/23298","targetHints":{"allow":["GET"]}}],"collection":[{"href":"https:\/\/ortodegliulivi.it\/de\/wp-json\/wp\/v2\/product"}],"about":[{"href":"https:\/\/ortodegliulivi.it\/de\/wp-json\/wp\/v2\/types\/product"}],"replies":[{"embeddable":true,"href":"https:\/\/ortodegliulivi.it\/de\/wp-json\/wp\/v2\/comments?post=23298"}],"wp:featuredmedia":[{"embeddable":true,"href":"https:\/\/ortodegliulivi.it\/de\/wp-json\/wp\/v2\/media\/21978"}],"wp:attachment":[{"href":"https:\/\/ortodegliulivi.it\/de\/wp-json\/wp\/v2\/media?parent=23298"}],"wp:term":[{"taxonomy":"product_brand","embeddable":true,"href":"https:\/\/ortodegliulivi.it\/de\/wp-json\/wp\/v2\/product_brand?post=23298"},{"taxonomy":"product_cat","embeddable":true,"href":"https:\/\/ortodegliulivi.it\/de\/wp-json\/wp\/v2\/product_cat?post=23298"},{"taxonomy":"product_tag","embeddable":true,"href":"https:\/\/ortodegliulivi.it\/de\/wp-json\/wp\/v2\/product_tag?post=23298"}],"curies":[{"name":"wp","href":"https:\/\/api.w.org\/{rel}","templated":true}]}}